{"id":8831,"date":"2026-02-26T10:59:19","date_gmt":"2026-02-26T08:59:19","guid":{"rendered":"https:\/\/www.fundacionveron.org\/?page_id=8831"},"modified":"2026-04-09T19:55:57","modified_gmt":"2026-04-09T17:55:57","slug":"ayuda-a-las-comunidades","status":"publish","type":"page","link":"https:\/\/www.fundacionveron.org\/en\/ayuda-a-las-comunidades\/","title":{"rendered":"Help the Communities"},"content":{"rendered":"<div class=\"wpb-content-wrapper\"><div class=\"vc_row wpb_row section vc_row-fluid  vc_custom_1775757300087\" style=' text-align:left;'><div class=\"full_section_inner clearfix\"><div class=\"wpb_column vc_column_container vc_col-sm-12\"><div class=\"vc_column-inner vc_custom_1775757338356\"><div class=\"wpb_wrapper\">\n\t<div class=\"wpb_raw_code wpb_raw_html wpb_content_element\" >\n\t\t<div class=\"wpb_wrapper\">\n\t\t\t<div class=\"woocommerce\">\n<div class=\"wpneo-wrapper\">\n\t<div class=\"wpneocf-container\">\n\t\t<div id=\"primary\" class=\"content-area\">\n\t\t\t<div id=\"content\" class=\"site-content\" role=\"main\">\n\t\t\t\t<div class=\"wpneo-list-details\">\n\n\t\t\t\t\t\t\t\t\t\t<div itemscope itemtype=\"http:\/\/schema.org\/ItemList\" id=\"campaign-8870\" class=\"post-8870 product type-product status-publish has-post-thumbnail product_cat-asistencia-comunitaria product_cat-proyectos-educativos first instock sold-individually taxable shipping-taxable purchasable product-type-crowdfunding\">\n\t\t\t\t\t\t<div class=\"wpneo-campaign-single-left-info\">\n\t<div class=\"wpneo-post-img\">   \n\t\t<a href=\"https:\/\/www.fundacionveron.org\/wp-content\/uploads\/2023\/11\/DISENOS-CROWDFUNDING-POR-DESASTRES-NATURALES-5.jpg\" itemprop=\"image\" class=\"wpneo-single-main-image zoom\" title=\"\" data-rel=\"prettyPhoto[product-gallery]\"><img loading=\"lazy\" decoding=\"async\" width=\"940\" height=\"788\" src=\"https:\/\/www.fundacionveron.org\/wp-content\/uploads\/2023\/11\/DISENOS-CROWDFUNDING-POR-DESASTRES-NATURALES-5.jpg\" class=\"attachment-shop_single size-shop_single wp-post-image\" alt=\"\" title=\"DISE\u00d1OS CROWDFUNDING POR DESASTRES NATURALES (5)\" srcset=\"https:\/\/www.fundacionveron.org\/wp-content\/uploads\/2023\/11\/DISENOS-CROWDFUNDING-POR-DESASTRES-NATURALES-5.jpg 940w, https:\/\/www.fundacionveron.org\/wp-content\/uploads\/2023\/11\/DISENOS-CROWDFUNDING-POR-DESASTRES-NATURALES-5-300x251.jpg 300w, https:\/\/www.fundacionveron.org\/wp-content\/uploads\/2023\/11\/DISENOS-CROWDFUNDING-POR-DESASTRES-NATURALES-5-768x644.jpg 768w, https:\/\/www.fundacionveron.org\/wp-content\/uploads\/2023\/11\/DISENOS-CROWDFUNDING-POR-DESASTRES-NATURALES-5-700x587.jpg 700w, https:\/\/www.fundacionveron.org\/wp-content\/uploads\/2023\/11\/DISENOS-CROWDFUNDING-POR-DESASTRES-NATURALES-5-600x503.jpg 600w\" sizes=\"auto, (max-width: 940px) 100vw, 940px\" \/><\/a>\t\t<div id=\"campaign_loved_html\">\n    <a href=\"javascript:;\" id=\"love_this_campaign\" data-campaign-id=\"8870\"><i class=\"wpneo-icon wpneo-icon-love-empty\"><\/i><\/a><\/div>\n\t<\/div>\n\t\n\t<\/div>\t\t\t\t\t\t<div class=\"wpneo-campaign-summary\">\n\t\t\t\t\t\t\t<div class=\"wpneo-campaign-summary-inner\" itemscope itemtype=\"http:\/\/schema.org\/DonateAction\">\n\t\t\t\t\t\t\t\t<h2 class=\"wpneo-campaign-title\">Ayuda a comunidades<\/h2><p class=\"wpneo-author-info\">\n\tby\t<a href=\"javascript:;\" data-author=\"5\" class=\"wpneo-fund-modal-btn\">Elena Garcia<\/a>\n<\/p><div class=\"woocommerce\"><\/div><div class=\"campaign-funding-info\">\n\t<ul>\n\t\t<li>\n\t\t\t<p class=\"funding-amount\">\n\t\t\t\t<span class=\"woocommerce-Price-amount amount\"><bdi>15.368,00<span class=\"woocommerce-Price-currencySymbol\">&euro;<\/span><\/bdi><\/span>\t\t\t<\/p>\n\t\t\t<span class=\"info-text\">Funding Goal<\/span>\n\t\t<\/li>\n\t\t<li>\n\t\t\t<p class=\"funding-amount\"><span class=\"woocommerce-Price-amount amount\"><bdi>0,00<span class=\"woocommerce-Price-currencySymbol\">&euro;<\/span><\/bdi><\/span><\/p>\n\t\t\t<span class=\"info-text\">Funds Raised<\/span>\n\t\t<\/li>\n\t\t\t\t\t<li>\n\t\t\t\t\t\t\t\t\t<p class=\"funding-amount\">0<\/p>\n\t\t\t\t\t<span class=\"info-text\">Days to go<\/span>\n\t\t\t\t\t\t\t<\/li>\n\t\t\n\t\t<li>\n\t\t\t<p class=\"funding-amount\">\n\t\t\t\tGoal and Date\t\t\t<\/p>\n\t\t\t<span class=\"info-text\">Campaign End Method<\/span>\n\t\t<\/li>\n\t<\/ul>\n<\/div><div class=\"wpneo-raised-percent\">\n\t<div class=\"wpneo-meta-name\">Raised Percent :<\/div>\n\t<div class=\"wpneo-meta-desc\" >0%<\/div>\n<\/div>\n<div class=\"wpneo-raised-bar\">\n\t<div id=\"neo-progressbar\">\n\t\t\t\t<div style=\"width: 0%\"><\/div>\n\t<\/div>\n<\/div><div class=\"wpneo-single-sidebar ASA\">\n\t\n\t\t\t<span class=\"wpneo-tooltip\">\n\t\t\t\t<span class=\"wpneo-tooltip-min\">\n\t\t\t\tMinimum amount is &euro;\t\t\t\t<\/span>\n\t\t\t\t<span class=\"wpneo-tooltip-max\">\n\t\t\t\tMaximum amount is &euro;\t\t\t\t<\/span>\n\t\t\t\t<span class=\"wpneo-tooltip-empty\">Put a valid number<\/span>\n\t\t\t<\/span>\n\n\t\t\t<ul class=\"wpcf_predefined_pledge_amount\"> <li><a href=\"javascript:;\" data-predefined-price=\"10\"><span class=\"woocommerce-Price-amount amount\">10,00<span class=\"woocommerce-Price-currencySymbol\">&euro;<\/span><\/span><\/a><\/li>  <li><a href=\"javascript:;\" data-predefined-price=\"20\"><span class=\"woocommerce-Price-amount amount\">20,00<span class=\"woocommerce-Price-currencySymbol\">&euro;<\/span><\/span><\/a><\/li>  <li><a href=\"javascript:;\" data-predefined-price=\"50\"><span class=\"woocommerce-Price-amount amount\">50,00<span class=\"woocommerce-Price-currencySymbol\">&euro;<\/span><\/span><\/a><\/li> <\/ul>\n\t\t\t<form enctype=\"multipart\/form-data\" method=\"post\" class=\"cart AA\" action=\"\">\n\t\t\t\t\t\t\t\t&euro;\t\t\t\t\n\t\t\t\t<input oninput=\"this.value = this.value.replace(\/[^0-9\\.]\/g, '').split(\/\\.\/).slice(0, 2).join('.')\" type=\"number\" step=\"any\" min=\"1\" placeholder=\"5\" name=\"wpneo_donate_amount_field\" class=\"input-text amount wpneo_donate_amount_field text\" value=\"5\" data-min-price=\"\" data-max-price=\"\" >\n\n\t\t\t\t\t\t\t\t<input type=\"hidden\" value=\"8870\" name=\"add-to-cart\">\n\t\t\t\t<button type=\"submit\" class=\"wpneo_donate_button\">Back Campaign<\/button>\n\t\t\t<input type=\"hidden\" name=\"trp-form-language\" value=\"en\"\/><\/form>\n\n\t\t\t<\/div>\n<div class=\"wpneo-campaign-creator-info-wrapper\">\n\t<div class=\"wpneo-campaign-creator-avatar\">\n\t\t\t\t\t\t\t\t\t<img alt='' src='https:\/\/secure.gravatar.com\/avatar\/c386ec831a3aa7e85b3abe7c78539fed0447e9fbf743b6f237ba562a3087db21?s=80&#038;d=mm&#038;r=g' srcset='https:\/\/secure.gravatar.com\/avatar\/c386ec831a3aa7e85b3abe7c78539fed0447e9fbf743b6f237ba562a3087db21?s=160&#038;d=mm&#038;r=g 2x' class='avatar avatar-80 photo' height='80' width='80' \/>\t\t\t\t\t\t<\/div>\n\t<div class=\"wpneo-campaign-creator-details\">\n\t\t<p><a href=\"javascript:;\" data-author=\"5\" class=\"wpneo-fund-modal-btn\" >Elena Garcia<\/a> <\/p>\n\t\t<p>20 Campaigns | 0 Loved campaigns <\/p>\n\t\t\t\t<p><a href=\"javascript:;\" data-author=\"5\" class=\"wpneo-fund-modal-btn wpneo-link-style1\"><strong>See full bio<\/strong><\/a><\/p>\n\t<\/div>\n<\/div>\t\t\t\t\t\t\t<\/div><!-- .wpneo-campaign-summary-inner -->\n\t\t\t\t\t\t<\/div><!-- .wpneo-campaign-summary -->\n\t\t\t\t\t\t\t\n\t\n\t<div class=\"wpneo-tabs\">\n\t\t<ul class=\"wpneo-tabs-menu\">\n\t\t\t\t\t\t\t<li class=\"wpneo-current description_tab\">\n\t\t\t\t\t<a href=\"#wpneo-tab-description\">Campaign Story<\/a>\n\t\t\t\t<\/li>\n\t\t\t\t\t<\/ul>\n\t\t<div class=\"wpneo-tab\">\n\t\t\t\t\t\t\t<div id=\"wpneo-tab-description\" class=\"wpneo-tab-content\">\n\t\t\t\t\t\n\t<div class=\"tab-description tab_col_9 tab-campaign-story-left\">\n\t\t<h2>Campaign Story<\/h2>\n\t\t<p><\/p>\n\t<\/div>\n\n<div class=\"tab-rewards tab_col_3 tab-campaign-story-right\">\n\t<div style=\"clear: both\"><\/div>\n\t<div style=\"clear: both\"><\/div>\n<\/div>\t\t\t\t<\/div>\n\t\t\t\t\t<\/div>\n\t\t<div class=\"clear-float\"><\/div>\n\t<\/div>\n\n\t\t\t\t\t\t<meta itemprop=\"url\" content=\"https:\/\/www.fundacionveron.org\/en\/crowdfunding\/ayuda-a-comunidades\/\" \/>\n\t\t\t\t\t<\/div><!-- #campaign-8870 -->\n\t\t\t\t\t\t\t\t\t\t\n\t\t\t\t<\/div>\n\t\t\t<\/div><!-- #content -->\n\t\t<\/div><!-- #primary -->\n\t<\/div>\n\n<\/div>\n<\/div>\n\t\t<\/div>\n\t<\/div>\n<\/div><\/div><\/div><\/div><\/div><div      class=\"vc_row wpb_row section vc_row-fluid\" style=' text-align:left;'><div class=\"full_section_inner clearfix\"><div class=\"wpb_column vc_column_container vc_col-sm-12\"><div class=\"vc_column-inner\"><div class=\"wpb_wrapper\">\n\t<div class=\"wpb_text_column wpb_content_element  vc_custom_1772712204040\">\n\t\t<div class=\"wpb_wrapper\">\n\t\t\t<h3 style=\"text-align: center;\"><span style=\"color: #5dc5c1;\"><span style=\"font-size: 25px;\">M\u00e1s de 1.500 personas beneficiadas anualmente\u00a0<\/span><\/span><\/h3>\n\n\t\t<\/div> \n\t<\/div> \t<div class=\"vc_empty_space\"  style=\"height: 32px\" ><span\n\t\t\tclass=\"vc_empty_space_inner\">\n\t\t\t<span class=\"empty_space_image\"  ><\/span>\n\t\t<\/span><\/div>\n\n\n\t<div class=\"wpb_text_column wpb_content_element\">\n\t\t<div class=\"wpb_wrapper\">\n\t\t\t<div class=\"wpb_text_column wpb_content_element\">\n<div class=\"wpb_wrapper\">\n<h2 dir=\"ltr\" style=\"text-align: center;\"><em>\u00abEl 53% de la poblaci\u00f3n en Honduras vive en extrema pobreza\u00bb<\/em><\/h2>\n<\/div>\n<\/div>\n\n\t\t<\/div> \n\t<\/div> \t<div class=\"vc_empty_space\"  style=\"height: 32px\" ><span\n\t\t\tclass=\"vc_empty_space_inner\">\n\t\t\t<span class=\"empty_space_image\"  ><\/span>\n\t\t<\/span><\/div>\n\n<\/div><\/div><\/div><\/div><\/div><div      class=\"vc_row wpb_row section vc_row-fluid\" style=' text-align:left;'><div class=\"full_section_inner clearfix\"><div class=\"wpb_column vc_column_container vc_col-sm-12\"><div class=\"vc_column-inner\"><div class=\"wpb_wrapper\"><\/div><\/div><\/div><\/div><\/div><div      class=\"vc_row wpb_row section vc_row-fluid\" style=' text-align:left;'><div class=\"full_section_inner clearfix\"><div class=\"wpb_column vc_column_container vc_col-sm-8\"><div class=\"vc_column-inner vc_custom_1706618720012\"><div class=\"wpb_wrapper\">\n\t<div class=\"wpb_text_column wpb_content_element\">\n\t\t<div class=\"wpb_wrapper\">\n\t\t\t<h4 dir=\"ltr\" style=\"text-align: justify;\"><strong>Family Vegetable Gardens<\/strong><\/h4>\n<p>&nbsp;<\/p>\n<p>Un proyecto que creamos para que las familias pudieran cultivar en sus\u00a0 casas. Es un reto anual ya que las casas suelen sufrir mucho en la \u00e9poca de lluvias. Sin embargo las familias, anualmente van aprendiendo a sacar rendimiento a su tierra y a su vez aprenden a nutrirse, ya que tambi\u00e9n contamos con un grave problema de malnutrici\u00f3n en las comunidades. El agua con az\u00facar es una cena valida en algunas de las casas de nuestros estudiantes. Y, procuramos, con un poco de ayuda, dando las semillas, que puedan tener algo de alimento saludable sin coste para ellos.<\/p>\n\n\t\t<\/div> \n\t<\/div> <\/div><\/div><\/div><div class=\"wpb_column vc_column_container vc_col-sm-4\"><div class=\"vc_column-inner vc_custom_1706619037104\"><div class=\"wpb_wrapper\">\t<div class=\"vc_empty_space\"  style=\"height: 58px\" ><span\n\t\t\tclass=\"vc_empty_space_inner\">\n\t\t\t<span class=\"empty_space_image\"  ><\/span>\n\t\t<\/span><\/div>\n\n<div class=\"wpb_gallery wpb_content_element vc_clearfix vc_custom_1716212787124\"><div class=\"wpb_wrapper\"><div class=\"wpb_gallery_slides drag_enabled wpb_flexslider flexslider_fade flexslider\" data-interval=\"5\" data-flex_fx=\"fade\"data-control=\"false\"data-direction=\"false\"data-pasue-on-hover=\"true\"data-drag=\"true\"><ul class=\"slides\"><li><img loading=\"lazy\" decoding=\"async\" width=\"940\" height=\"788\" src=\"https:\/\/www.fundacionveron.org\/wp-content\/uploads\/2023\/08\/WEB-FINAL-35.jpg\" class=\"attachment-full\" alt=\"\" title=\"WEB FINAL (35)\" srcset=\"https:\/\/www.fundacionveron.org\/wp-content\/uploads\/2023\/08\/WEB-FINAL-35.jpg 940w, https:\/\/www.fundacionveron.org\/wp-content\/uploads\/2023\/08\/WEB-FINAL-35-300x251.jpg 300w, https:\/\/www.fundacionveron.org\/wp-content\/uploads\/2023\/08\/WEB-FINAL-35-768x644.jpg 768w, https:\/\/www.fundacionveron.org\/wp-content\/uploads\/2023\/08\/WEB-FINAL-35-700x587.jpg 700w, https:\/\/www.fundacionveron.org\/wp-content\/uploads\/2023\/08\/WEB-FINAL-35-600x503.jpg 600w\" sizes=\"auto, (max-width: 940px) 100vw, 940px\" \/><\/li><\/ul><\/div><\/div><\/div>\t<div class=\"vc_empty_space\"  style=\"height: 58px\" ><span\n\t\t\tclass=\"vc_empty_space_inner\">\n\t\t\t<span class=\"empty_space_image\"  ><\/span>\n\t\t<\/span><\/div>\n\n<\/div><\/div><\/div><\/div><\/div><div      class=\"vc_row wpb_row section vc_row-fluid\" style=' text-align:left;'><div class=\"full_section_inner clearfix\"><div class=\"wpb_column vc_column_container vc_col-sm-8\"><div class=\"vc_column-inner vc_custom_1706618720012\"><div class=\"wpb_wrapper\">\n\t<div class=\"wpb_text_column wpb_content_element\">\n\t\t<div class=\"wpb_wrapper\">\n\t\t\t<h4 dir=\"ltr\" style=\"text-align: justify;\"><strong>Community Assistance Volunteering<\/strong><\/h4>\n<p dir=\"ltr\">Siempre estamos abiertos a que vengan voluntarios de \u00e1reas espec\u00edficas a dar charlas en la escuela, a apoyar a las comunidades y a ense\u00f1ar formaci\u00f3n t\u00e9cnica para los estudiantes. Hemos tenido la suerte de tener a grandes profesionales a lo largo de los a\u00f1os. Entre ellos bi\u00f3logos, veterinarios, artistas, cocineros, herreros y muchos otros, que nos ayudan a mejorar y profesionalizarnos en diversas materias. En relaci\u00f3n con las comunidades, los que m\u00e1s aportan son los del \u00e1mbito sanitario, los cuales vienen a dar charlas sobre tratamiento y limpieza de los alimentos, desparasitaci\u00f3n y vacunaci\u00f3n de animales de la comunidad, y otras iniciativas que hacen que la comunidad crezca.<\/p>\n\n\t\t<\/div> \n\t<\/div> <\/div><\/div><\/div><div class=\"wpb_column vc_column_container vc_col-sm-4\"><div class=\"vc_column-inner vc_custom_1706619037104\"><div class=\"wpb_wrapper\">\t<div class=\"vc_empty_space\"  style=\"height: 58px\" ><span\n\t\t\tclass=\"vc_empty_space_inner\">\n\t\t\t<span class=\"empty_space_image\"  ><\/span>\n\t\t<\/span><\/div>\n\n<div class=\"wpb_gallery wpb_content_element vc_clearfix vc_custom_1716212892816\"><div class=\"wpb_wrapper\"><div class=\"wpb_gallery_slides drag_enabled wpb_flexslider flexslider_fade flexslider\" data-interval=\"5\" data-flex_fx=\"fade\"data-control=\"false\"data-direction=\"false\"data-pasue-on-hover=\"true\"data-drag=\"true\"><ul class=\"slides\"><li><img loading=\"lazy\" decoding=\"async\" width=\"940\" height=\"788\" src=\"https:\/\/www.fundacionveron.org\/wp-content\/uploads\/2023\/08\/WEB-FINAL-33-1.jpg\" class=\"attachment-full\" alt=\"\" title=\"Voluntariado profesional Home\" srcset=\"https:\/\/www.fundacionveron.org\/wp-content\/uploads\/2023\/08\/WEB-FINAL-33-1.jpg 940w, https:\/\/www.fundacionveron.org\/wp-content\/uploads\/2023\/08\/WEB-FINAL-33-1-300x251.jpg 300w, https:\/\/www.fundacionveron.org\/wp-content\/uploads\/2023\/08\/WEB-FINAL-33-1-768x644.jpg 768w, https:\/\/www.fundacionveron.org\/wp-content\/uploads\/2023\/08\/WEB-FINAL-33-1-700x587.jpg 700w, https:\/\/www.fundacionveron.org\/wp-content\/uploads\/2023\/08\/WEB-FINAL-33-1-600x503.jpg 600w\" sizes=\"auto, (max-width: 940px) 100vw, 940px\" \/><\/li><\/ul><\/div><\/div><\/div>\t<div class=\"vc_empty_space\"  style=\"height: 58px\" ><span\n\t\t\tclass=\"vc_empty_space_inner\">\n\t\t\t<span class=\"empty_space_image\"  ><\/span>\n\t\t<\/span><\/div>\n\n<\/div><\/div><\/div><\/div><\/div><div      class=\"vc_row wpb_row section vc_row-fluid\" style=' text-align:left;'><div class=\"full_section_inner clearfix\"><div class=\"wpb_column vc_column_container vc_col-sm-8\"><div class=\"vc_column-inner vc_custom_1706618720012\"><div class=\"wpb_wrapper\">\n\t<div class=\"wpb_text_column wpb_content_element\">\n\t\t<div class=\"wpb_wrapper\">\n\t\t\t<h4 dir=\"ltr\" style=\"text-align: justify;\"><strong>Aid for Natural Disasters<\/strong><\/h4>\n<p>&nbsp;<\/p>\n<p dir=\"ltr\" style=\"text-align: justify;\">Teachers are the\u00a0<strong>fundamental pillars of education. <\/strong>At the school, we have 14 Honduran teachers who support, help, accompany, and, of course, teach our 150 students.<\/p>\n<p dir=\"ltr\" style=\"text-align: justify;\"><span style=\"color: #5dc5c0;\"><strong>A teacher is much more than someone who educates when we talk about vulnerable groups: they are mentors and role models.<\/strong><\/span><\/p>\n<p dir=\"ltr\" style=\"text-align: justify;\">In secondary schools in Honduras, teachers encounter young people with\u00a0<strong>very low education levels<\/strong>, where difficulties such as\u00a0<strong>dyslexia<\/strong>\u00a0or\u00a0<strong>mental health issues are abundant.<\/strong>.<\/p>\n\n\t\t<\/div> \n\t<\/div> <\/div><\/div><\/div><div class=\"wpb_column vc_column_container vc_col-sm-4\"><div class=\"vc_column-inner vc_custom_1706619037104\"><div class=\"wpb_wrapper\">\t<div class=\"vc_empty_space\"  style=\"height: 58px\" ><span\n\t\t\tclass=\"vc_empty_space_inner\">\n\t\t\t<span class=\"empty_space_image\"  ><\/span>\n\t\t<\/span><\/div>\n\n<div class=\"wpb_gallery wpb_content_element vc_clearfix vc_custom_1716215440734\"><div class=\"wpb_wrapper\"><div class=\"wpb_gallery_slides drag_enabled wpb_flexslider flexslider_fade flexslider\" data-interval=\"5\" data-flex_fx=\"fade\"data-control=\"false\"data-direction=\"false\"data-pasue-on-hover=\"true\"data-drag=\"true\"><ul class=\"slides\"><li><img loading=\"lazy\" decoding=\"async\" width=\"940\" height=\"788\" src=\"https:\/\/www.fundacionveron.org\/wp-content\/uploads\/2023\/08\/WEB-FINAL-24.jpg\" class=\"attachment-full\" alt=\"\" title=\"WEB FINAL (24)\" srcset=\"https:\/\/www.fundacionveron.org\/wp-content\/uploads\/2023\/08\/WEB-FINAL-24.jpg 940w, https:\/\/www.fundacionveron.org\/wp-content\/uploads\/2023\/08\/WEB-FINAL-24-300x251.jpg 300w, https:\/\/www.fundacionveron.org\/wp-content\/uploads\/2023\/08\/WEB-FINAL-24-768x644.jpg 768w, https:\/\/www.fundacionveron.org\/wp-content\/uploads\/2023\/08\/WEB-FINAL-24-700x587.jpg 700w, https:\/\/www.fundacionveron.org\/wp-content\/uploads\/2023\/08\/WEB-FINAL-24-600x503.jpg 600w\" sizes=\"auto, (max-width: 940px) 100vw, 940px\" \/><\/li><\/ul><\/div><\/div><\/div>\t<div class=\"vc_empty_space\"  style=\"height: 58px\" ><span\n\t\t\tclass=\"vc_empty_space_inner\">\n\t\t\t<span class=\"empty_space_image\"  ><\/span>\n\t\t<\/span><\/div>\n\n<\/div><\/div><\/div><\/div><\/div><div      class=\"vc_row wpb_row section vc_row-fluid\" style=' text-align:left;'><div class=\"full_section_inner clearfix\"><div class=\"wpb_column vc_column_container vc_col-sm-8\"><div class=\"vc_column-inner vc_custom_1706618720012\"><div class=\"wpb_wrapper\">\n\t<div class=\"wpb_text_column wpb_content_element\">\n\t\t<div class=\"wpb_wrapper\">\n\t\t\t<h4 dir=\"ltr\" style=\"text-align: justify;\"><strong>Environmental Project<\/strong><\/h4>\n<p>&nbsp;<\/p>\n<p dir=\"ltr\" style=\"text-align: justify;\">Teachers are the\u00a0<strong>fundamental pillars of education. <\/strong>At the school, we have 14 Honduran teachers who support, help, accompany, and, of course, teach our 150 students.<\/p>\n<p dir=\"ltr\" style=\"text-align: justify;\"><span style=\"color: #5dc5c0;\"><strong>A teacher is much more than someone who educates when we talk about vulnerable groups: they are mentors and role models.<\/strong><\/span><\/p>\n<p dir=\"ltr\" style=\"text-align: justify;\">In secondary schools in Honduras, teachers encounter young people with\u00a0<strong>very low education levels<\/strong>, where difficulties such as\u00a0<strong>dyslexia<\/strong>\u00a0or\u00a0<strong>mental health issues are abundant.<\/strong>.<\/p>\n\n\t\t<\/div> \n\t<\/div> <\/div><\/div><\/div><div class=\"wpb_column vc_column_container vc_col-sm-4\"><div class=\"vc_column-inner vc_custom_1706619037104\"><div class=\"wpb_wrapper\">\t<div class=\"vc_empty_space\"  style=\"height: 58px\" ><span\n\t\t\tclass=\"vc_empty_space_inner\">\n\t\t\t<span class=\"empty_space_image\"  ><\/span>\n\t\t<\/span><\/div>\n\n<div class=\"wpb_gallery wpb_content_element vc_clearfix vc_custom_1716215468436\"><div class=\"wpb_wrapper\"><div class=\"wpb_gallery_slides drag_enabled wpb_flexslider flexslider_fade flexslider\" data-interval=\"5\" data-flex_fx=\"fade\"data-control=\"false\"data-direction=\"false\"data-pasue-on-hover=\"true\"data-drag=\"true\"><ul class=\"slides\"><li><img loading=\"lazy\" decoding=\"async\" width=\"940\" height=\"788\" src=\"https:\/\/www.fundacionveron.org\/wp-content\/uploads\/2023\/08\/WEB-FINAL-32-1.jpg\" class=\"attachment-full\" alt=\"\" title=\"Acciones Comunitarias Home\" srcset=\"https:\/\/www.fundacionveron.org\/wp-content\/uploads\/2023\/08\/WEB-FINAL-32-1.jpg 940w, https:\/\/www.fundacionveron.org\/wp-content\/uploads\/2023\/08\/WEB-FINAL-32-1-300x251.jpg 300w, https:\/\/www.fundacionveron.org\/wp-content\/uploads\/2023\/08\/WEB-FINAL-32-1-768x644.jpg 768w, https:\/\/www.fundacionveron.org\/wp-content\/uploads\/2023\/08\/WEB-FINAL-32-1-700x587.jpg 700w, https:\/\/www.fundacionveron.org\/wp-content\/uploads\/2023\/08\/WEB-FINAL-32-1-600x503.jpg 600w\" sizes=\"auto, (max-width: 940px) 100vw, 940px\" \/><\/li><\/ul><\/div><\/div><\/div>\t<div class=\"vc_empty_space\"  style=\"height: 58px\" ><span\n\t\t\tclass=\"vc_empty_space_inner\">\n\t\t\t<span class=\"empty_space_image\"  ><\/span>\n\t\t<\/span><\/div>\n\n<\/div><\/div><\/div><\/div><\/div><div      class=\"vc_row wpb_row section vc_row-fluid\" style=' text-align:left;'><div class=\"full_section_inner clearfix\"><div class=\"wpb_column vc_column_container vc_col-sm-12\"><div class=\"vc_column-inner\"><div class=\"wpb_wrapper\"><\/div><\/div><\/div><div class=\"wpb_column vc_column_container vc_col-sm-8\"><div class=\"vc_column-inner vc_custom_1706618720012\"><div class=\"wpb_wrapper\">\n\t<div class=\"wpb_text_column wpb_content_element\">\n\t\t<div class=\"wpb_wrapper\">\n\t\t\t<h4 dir=\"ltr\" style=\"text-align: justify;\"><strong>Psychosocial Help<\/strong><\/h4>\n<p>&nbsp;<\/p>\n<p dir=\"ltr\" style=\"text-align: justify;\">Teachers are the\u00a0<strong>fundamental pillars of education. <\/strong>At the school, we have 14 Honduran teachers who support, help, accompany, and, of course, teach our 150 students.<\/p>\n<p dir=\"ltr\" style=\"text-align: justify;\"><span style=\"color: #5dc5c0;\"><strong>A teacher is much more than someone who educates when we talk about vulnerable groups: they are mentors and role models.<\/strong><\/span><\/p>\n<p dir=\"ltr\" style=\"text-align: justify;\">In secondary schools in Honduras, teachers encounter young people with\u00a0<strong>very low education levels<\/strong>, where difficulties such as\u00a0<strong>dyslexia<\/strong>\u00a0or\u00a0<strong>mental health issues are abundant.<\/strong>.<\/p>\n\n\t\t<\/div> \n\t<\/div> <div      class=\"vc_row wpb_row section vc_row-fluid vc_inner\" style=' text-align:left;'><div class=\"full_section_inner clearfix\"><div class=\"wpb_column vc_column_container vc_col-sm-6 vc_hidden-xs\"><div class=\"vc_column-inner\"><div class=\"wpb_wrapper\">\t<div class=\"vc_empty_space\"  style=\"height: 32px\" ><span\n\t\t\tclass=\"vc_empty_space_inner\">\n\t\t\t<span class=\"empty_space_image\"  ><\/span>\n\t\t<\/span><\/div>\n\n<a id=\"#back_to_top\" itemprop=\"url\" href=\"#\" target=\"_self\"  class=\"qbutton  default\" style=\"font-weight: 800; font-size: 17px; \">DONATE NOW<\/a><\/div><\/div><\/div><div class=\"wpb_column vc_column_container vc_col-sm-6 vc_hidden-xs\"><div class=\"vc_column-inner\"><div class=\"wpb_wrapper\">\t<div class=\"vc_empty_space\"  style=\"height: 32px\" ><span\n\t\t\tclass=\"vc_empty_space_inner\">\n\t\t\t<span class=\"empty_space_image\"  ><\/span>\n\t\t<\/span><\/div>\n\n<a  itemprop=\"url\" href=\"https:\/\/www.fundacionveron.org\/crowdfunding\/\" target=\"_self\"  class=\"qbutton  default\" style=\"color: #000000; background-color: #ccb65e;\">SEE OTHER CAMPAIGNS<\/a><\/div><\/div><\/div><\/div><\/div><\/div><\/div><\/div><div class=\"wpb_column vc_column_container vc_col-sm-4\"><div class=\"vc_column-inner vc_custom_1706619037104\"><div class=\"wpb_wrapper\">\t<div class=\"vc_empty_space\"  style=\"height: 58px\" ><span\n\t\t\tclass=\"vc_empty_space_inner\">\n\t\t\t<span class=\"empty_space_image\"  ><\/span>\n\t\t<\/span><\/div>\n\n<div class=\"wpb_gallery wpb_content_element vc_clearfix vc_custom_1716212892816\"><div class=\"wpb_wrapper\"><div class=\"wpb_gallery_slides drag_enabled wpb_flexslider flexslider_fade flexslider\" data-interval=\"5\" data-flex_fx=\"fade\"data-control=\"false\"data-direction=\"false\"data-pasue-on-hover=\"true\"data-drag=\"true\"><ul class=\"slides\"><li><img loading=\"lazy\" decoding=\"async\" width=\"940\" height=\"788\" src=\"https:\/\/www.fundacionveron.org\/wp-content\/uploads\/2023\/08\/WEB-FINAL-33-1.jpg\" class=\"attachment-full\" alt=\"\" title=\"Voluntariado profesional Home\" srcset=\"https:\/\/www.fundacionveron.org\/wp-content\/uploads\/2023\/08\/WEB-FINAL-33-1.jpg 940w, https:\/\/www.fundacionveron.org\/wp-content\/uploads\/2023\/08\/WEB-FINAL-33-1-300x251.jpg 300w, https:\/\/www.fundacionveron.org\/wp-content\/uploads\/2023\/08\/WEB-FINAL-33-1-768x644.jpg 768w, https:\/\/www.fundacionveron.org\/wp-content\/uploads\/2023\/08\/WEB-FINAL-33-1-700x587.jpg 700w, https:\/\/www.fundacionveron.org\/wp-content\/uploads\/2023\/08\/WEB-FINAL-33-1-600x503.jpg 600w\" sizes=\"auto, (max-width: 940px) 100vw, 940px\" \/><\/li><\/ul><\/div><\/div><\/div>\t<div class=\"vc_empty_space\"  style=\"height: 58px\" ><span\n\t\t\tclass=\"vc_empty_space_inner\">\n\t\t\t<span class=\"empty_space_image\"  ><\/span>\n\t\t<\/span><\/div>\n\n<\/div><\/div><\/div><\/div><\/div><div      class=\"vc_row wpb_row section vc_row-fluid\" style=' text-align:center;'><div class=\"full_section_inner clearfix\"><div class=\"wpb_column vc_column_container vc_col-sm-12 vc_hidden-lg vc_hidden-md vc_hidden-sm\"><div class=\"vc_column-inner\"><div class=\"wpb_wrapper\"><a id=\"#back_to_top\" itemprop=\"url\" href=\"#\" target=\"_self\"  class=\"qbutton  big_large_full_width default\" style=\"font-weight: 800; font-size: 17px; \">DONATE NOW<\/a>\t<div class=\"vc_empty_space\"  style=\"height: 32px\" ><span\n\t\t\tclass=\"vc_empty_space_inner\">\n\t\t\t<span class=\"empty_space_image\"  ><\/span>\n\t\t<\/span><\/div>\n\n<a  itemprop=\"url\" href=\"https:\/\/www.fundacionveron.org\/crowdfunding\/\" target=\"_self\"  class=\"qbutton  big_large_full_width default\" style=\"color: #000000; background-color: #ccb65e;\">SEE OTHER CAMPAIGNS<\/a><\/div><\/div><\/div><\/div><\/div><div      class=\"vc_row wpb_row section vc_row-fluid  full_screen_section\" style=' text-align:left;'><div class=\"full_section_inner clearfix\"><div class=\"wpb_column vc_column_container vc_col-sm-12\"><div class=\"vc_column-inner vc_custom_1716224950704\"><div class=\"wpb_wrapper\">\t<div class=\"vc_empty_space\"  style=\"height: 58px\" ><span\n\t\t\tclass=\"vc_empty_space_inner\">\n\t\t\t<span class=\"empty_space_image\"  ><\/span>\n\t\t<\/span><\/div>\n\n<div class=\"custom_font_holder\" style=\"font-family: montserrat; font-size: 25px; line-height: 29px; font-style: normal; font-weight: 700; color: #5dc5c1; text-decoration: none; text-align: center;\">Tax Benefits in Spain<\/div>\t<div class=\"vc_empty_space\"  style=\"height: 12px\" ><span\n\t\t\tclass=\"vc_empty_space_inner\">\n\t\t\t<span class=\"empty_space_image\"  ><\/span>\n\t\t<\/span><\/div>\n\n<div class=\"custom_font_holder\" style=\"font-family: montserrat; font-size: 20px; line-height: 29px; font-style: normal; font-weight: 700; color: #262626; text-decoration: none; text-align: center;\">\u00bfSab\u00edas que hasta los primeros 250\u20ac donados te desgravas un 80%?*<\/div>\t<div class=\"vc_empty_space\"  style=\"height: 32px\" ><span\n\t\t\tclass=\"vc_empty_space_inner\">\n\t\t\t<span class=\"empty_space_image\"  ><\/span>\n\t\t<\/span><\/div>\n\n<div      class=\"vc_row wpb_row section vc_row-fluid vc_inner\" style=' text-align:left;'><div class=\"full_section_inner clearfix\"><div class=\"wpb_column vc_column_container vc_col-sm-4 vc_col-xs-4 vc_hidden-xs vc_col-has-fill\"><div class=\"vc_column-inner vc_custom_1716224561075\"><div class=\"wpb_wrapper\"><div class=\"custom_font_holder\" style=\"font-family: montserrat; font-size: 25px; line-height: 29px; font-style: normal; font-weight: 700; color: #5dc5c1; text-decoration: none; text-align: center;\">Donating<\/div><\/div><\/div><\/div><div class=\"wpb_column vc_column_container vc_col-sm-4 vc_col-xs-4 vc_hidden-xs vc_col-has-fill\"><div class=\"vc_column-inner vc_custom_1716224776521\"><div class=\"wpb_wrapper\"><div class=\"custom_font_holder\" style=\"font-family: montserrat; font-size: 25px; line-height: 29px; font-style: normal; font-weight: 700; color: #5dc5c1; text-decoration: none; text-align: center;\">You get refunded<\/div><\/div><\/div><\/div><div class=\"wpb_column vc_column_container vc_col-sm-4 vc_col-xs-4 vc_hidden-xs vc_col-has-fill\"><div class=\"vc_column-inner vc_custom_1716224570519\"><div class=\"wpb_wrapper\"><div class=\"custom_font_holder\" style=\"font-family: montserrat; font-size: 25px; line-height: 29px; font-style: normal; font-weight: 700; color: #5dc5c1; text-decoration: none; text-align: center;\">You actually spend<\/div><\/div><\/div><\/div><\/div><\/div><div      class=\"vc_row wpb_row section vc_row-fluid vc_inner  vc_custom_1716225034909\" style=' text-align:left;'><div class=\"full_section_inner clearfix\"><div class=\"wpb_column vc_column_container vc_col-sm-4 vc_hidden-lg vc_hidden-md vc_hidden-sm vc_col-xs-4 vc_col-has-fill\"><div class=\"vc_column-inner vc_custom_1716225228588\"><div class=\"wpb_wrapper\"><div class=\"custom_font_holder\" style=\"font-family: montserrat; font-size: 17px; line-height: 29px; font-style: normal; font-weight: 700; color: #5dc5c1; text-decoration: none; text-align: center;\">Donating<\/div><\/div><\/div><\/div><div class=\"wpb_column vc_column_container vc_col-sm-4 vc_hidden-lg vc_hidden-md vc_hidden-sm vc_col-xs-4 vc_col-has-fill\"><div class=\"vc_column-inner vc_custom_1716225223836\"><div class=\"wpb_wrapper\"><div class=\"custom_font_holder\" style=\"font-family: montserrat; font-size: 17px; line-height: 29px; font-style: normal; font-weight: 700; color: #5dc5c1; text-decoration: none; text-align: center;\">You get refunded<\/div><\/div><\/div><\/div><div class=\"wpb_column vc_column_container vc_col-sm-4 vc_hidden-lg vc_hidden-md vc_hidden-sm vc_col-xs-4 vc_col-has-fill\"><div class=\"vc_column-inner vc_custom_1716225131652\"><div class=\"wpb_wrapper\"><div class=\"custom_font_holder\" style=\"font-family: montserrat; font-size: 17px; line-height: 29px; font-style: normal; font-weight: 700; color: #5dc5c1; text-decoration: none; text-align: center;\">You actually spend<\/div><\/div><\/div><\/div><\/div><\/div><div      class=\"vc_row wpb_row section vc_row-fluid vc_inner\" style=' text-align:left;'><div class=\"full_section_inner clearfix\"><div class=\"wpb_column vc_column_container vc_col-sm-4 vc_col-xs-4 vc_col-has-fill\"><div class=\"vc_column-inner vc_custom_1716224396784\"><div class=\"wpb_wrapper\"><div class=\"custom_font_holder\" style=\"font-family: montserrat; font-size: 24px; line-height: 29px; font-style: normal; font-weight: 300; color: #262626; text-decoration: none; text-align: center;\">50<\/div>\t<div class=\"vc_empty_space\"  style=\"height: 32px\" ><span\n\t\t\tclass=\"vc_empty_space_inner\">\n\t\t\t<span class=\"empty_space_image\"  ><\/span>\n\t\t<\/span><\/div>\n\n<div class=\"custom_font_holder\" style=\"font-family: montserrat; font-size: 24px; line-height: 29px; font-style: normal; font-weight: 300; color: #262626; text-decoration: none; text-align: center;\">100<\/div>\t<div class=\"vc_empty_space\"  style=\"height: 32px\" ><span\n\t\t\tclass=\"vc_empty_space_inner\">\n\t\t\t<span class=\"empty_space_image\"  ><\/span>\n\t\t<\/span><\/div>\n\n<div class=\"custom_font_holder\" style=\"font-family: montserrat; font-size: 24px; line-height: 29px; font-style: normal; font-weight: 300; color: #262626; text-decoration: none; text-align: center;\">150<\/div><\/div><\/div><\/div><div class=\"wpb_column vc_column_container vc_col-sm-4 vc_col-xs-4 vc_col-has-fill\"><div class=\"vc_column-inner vc_custom_1716224849273\"><div class=\"wpb_wrapper\"><div class=\"custom_font_holder\" style=\"font-family: montserrat; font-size: 24px; line-height: 29px; font-style: normal; font-weight: 300; color: #262626; text-decoration: none; text-align: center;\">40<\/div>\t<div class=\"vc_empty_space\"  style=\"height: 32px\" ><span\n\t\t\tclass=\"vc_empty_space_inner\">\n\t\t\t<span class=\"empty_space_image\"  ><\/span>\n\t\t<\/span><\/div>\n\n<div class=\"custom_font_holder\" style=\"font-family: montserrat; font-size: 24px; line-height: 29px; font-style: normal; font-weight: 300; color: #262626; text-decoration: none; text-align: center;\">80<\/div>\t<div class=\"vc_empty_space\"  style=\"height: 32px\" ><span\n\t\t\tclass=\"vc_empty_space_inner\">\n\t\t\t<span class=\"empty_space_image\"  ><\/span>\n\t\t<\/span><\/div>\n\n<div class=\"custom_font_holder\" style=\"font-family: montserrat; font-size: 24px; line-height: 29px; font-style: normal; font-weight: 300; color: #262626; text-decoration: none; text-align: center;\">120<\/div><\/div><\/div><\/div><div class=\"wpb_column vc_column_container vc_col-sm-4 vc_col-xs-4 vc_col-has-fill\"><div class=\"vc_column-inner vc_custom_1716224413577\"><div class=\"wpb_wrapper\"><div class=\"custom_font_holder\" style=\"font-family: montserrat; font-size: 24px; line-height: 29px; font-style: normal; font-weight: 300; color: #262626; text-decoration: none; text-align: center;\">10<\/div>\t<div class=\"vc_empty_space\"  style=\"height: 32px\" ><span\n\t\t\tclass=\"vc_empty_space_inner\">\n\t\t\t<span class=\"empty_space_image\"  ><\/span>\n\t\t<\/span><\/div>\n\n<div class=\"custom_font_holder\" style=\"font-family: montserrat; font-size: 24px; line-height: 29px; font-style: normal; font-weight: 300; color: #262626; text-decoration: none; text-align: center;\">20<\/div>\t<div class=\"vc_empty_space\"  style=\"height: 32px\" ><span\n\t\t\tclass=\"vc_empty_space_inner\">\n\t\t\t<span class=\"empty_space_image\"  ><\/span>\n\t\t<\/span><\/div>\n\n<div class=\"custom_font_holder\" style=\"font-family: montserrat; font-size: 24px; line-height: 29px; font-style: normal; font-weight: 300; color: #262626; text-decoration: none; text-align: center;\">30<\/div><\/div><\/div><\/div><\/div><\/div>\t<div class=\"vc_empty_space\"  style=\"height: 32px\" ><span\n\t\t\tclass=\"vc_empty_space_inner\">\n\t\t\t<span class=\"empty_space_image\"  ><\/span>\n\t\t<\/span><\/div>\n\n<div class=\"custom_font_holder\" style=\"font-family: montserrat; font-size: 19px; line-height: 28px; font-style: normal; font-weight: 600; color: #262626; text-decoration: none; text-align: center;\">\n<p style=\"text-align: right;\">*In Spain, excluding Pa\u00eds Vasco and Navarra<\/p>\n<\/div>\t<div class=\"vc_empty_space\"  style=\"height: 32px\" ><span\n\t\t\tclass=\"vc_empty_space_inner\">\n\t\t\t<span class=\"empty_space_image\"  ><\/span>\n\t\t<\/span><\/div>\n\n\t<div class=\"vc_empty_space\"  style=\"height: 32px\" ><span\n\t\t\tclass=\"vc_empty_space_inner\">\n\t\t\t<span class=\"empty_space_image\"  ><\/span>\n\t\t<\/span><\/div>\n\n<div class=\"separator  normal\" style=\"\"><\/div>\n<\/div><\/div><\/div><\/div><\/div><div class=\"wpb_column vc_column_container vc_col-sm-4\"><div class=\"vc_column-inner vc_custom_1706619037104\"><div class=\"wpb_wrapper\"><\/div><\/div><\/div>\n<\/div>","protected":false},"excerpt":{"rendered":"","protected":false},"author":5,"featured_media":0,"parent":0,"menu_order":0,"comment_status":"closed","ping_status":"closed","template":"","meta":{"_monsterinsights_skip_tracking":false,"_monsterinsights_sitenote_active":false,"_monsterinsights_sitenote_note":"","_monsterinsights_sitenote_category":0,"_price":"","_stock":"","_tribe_ticket_header":"","_tribe_default_ticket_provider":"TEC\\Tickets\\Commerce\\Module","_ticket_start_date":"","_ticket_end_date":"","_tribe_ticket_show_description":"","_tribe_ticket_show_not_going":false,"_tribe_ticket_use_global_stock":"","_tribe_ticket_global_stock_level":"","_global_stock_mode":"","_global_stock_cap":"","_tribe_rsvp_for_event":"","_tribe_ticket_going_count":"","_tribe_ticket_not_going_count":"","_tribe_tickets_list":"[]","_tribe_ticket_has_attendee_info_fields":false,"footnotes":"","_tec_slr_enabled":"","_tec_slr_layout":""},"class_list":["post-8831","page","type-page","status-publish","hentry"],"wpcf_dashboard":"<div class=\"woocommerce\"><div class=\"woocommerce-info\">Please log in first? <a class=\"wpneoShowLogin\" href=\"#\">Click here to login<\/a><\/div><div class=\"wpneo_login_form_div\" style=\"display: none;\"><form name=\"loginform\" id=\"loginform\" action=\"https:\/\/www.fundacionveron.org\/en\/gestion\/\" method=\"post\"><p class=\"login-username\">\n\t\t\t\t<label for=\"user_login\">Username or Email Address<\/label>\n\t\t\t\t<input type=\"text\" name=\"log\" id=\"user_login\" autocomplete=\"username\" class=\"input\" value=\"\" size=\"20\" \/>\n\t\t\t<\/p><p class=\"login-password\">\n\t\t\t\t<label for=\"user_pass\">Password<\/label>\n\t\t\t\t<input type=\"password\" name=\"pwd\" id=\"user_pass\" autocomplete=\"current-password\" spellcheck=\"false\" class=\"input\" value=\"\" size=\"20\" \/>\n\t\t\t<\/p><p class=\"login-remember\"><label><input name=\"rememberme\" type=\"checkbox\" id=\"rememberme\" value=\"forever\" \/> Remember Me<\/label><\/p><p class=\"login-submit\">\n\t\t\t\t<input type=\"submit\" name=\"wp-submit\" id=\"wp-submit\" class=\"button button-primary\" value=\"Log In\" \/>\n\t\t\t\t<input type=\"hidden\" name=\"redirect_to\" value=\"https:\/\/www.fundacionveron.org\/en\/wp-json\/wp\/v2\/pages\/8831\" \/>\n\t\t\t<\/p><\/form><\/div><\/div>","ticketed":false,"_links":{"self":[{"href":"https:\/\/www.fundacionveron.org\/en\/wp-json\/wp\/v2\/pages\/8831","targetHints":{"allow":["GET"]}}],"collection":[{"href":"https:\/\/www.fundacionveron.org\/en\/wp-json\/wp\/v2\/pages"}],"about":[{"href":"https:\/\/www.fundacionveron.org\/en\/wp-json\/wp\/v2\/types\/page"}],"author":[{"embeddable":true,"href":"https:\/\/www.fundacionveron.org\/en\/wp-json\/wp\/v2\/users\/5"}],"replies":[{"embeddable":true,"href":"https:\/\/www.fundacionveron.org\/en\/wp-json\/wp\/v2\/comments?post=8831"}],"version-history":[{"count":4,"href":"https:\/\/www.fundacionveron.org\/en\/wp-json\/wp\/v2\/pages\/8831\/revisions"}],"predecessor-version":[{"id":8904,"href":"https:\/\/www.fundacionveron.org\/en\/wp-json\/wp\/v2\/pages\/8831\/revisions\/8904"}],"wp:attachment":[{"href":"https:\/\/www.fundacionveron.org\/en\/wp-json\/wp\/v2\/media?parent=8831"}],"curies":[{"name":"wp","href":"https:\/\/api.w.org\/{rel}","templated":true}]}}